{"id":2720,"date":"2025-03-30T07:31:04","date_gmt":"2025-03-30T07:31:04","guid":{"rendered":"https:\/\/www.living-mallorca.com\/?page_id=2720"},"modified":"2025-11-07T11:10:37","modified_gmt":"2025-11-07T11:10:37","slug":"finca-bei-son-serra-de-marina","status":"publish","type":"page","link":"https:\/\/www.living-mallorca.com\/es\/finca-bei-son-serra-de-marina\/","title":{"rendered":"Finca cerca de Son Serra de Marina"},"content":{"rendered":"\n[et_pb_section fb_built=&#8220;1&#8243; admin_label=&#8220;Intro Sektion&#8220; _builder_version=&#8220;4.16&#8243; global_colors_info=&#8220;{}&#8220;][et_pb_row _builder_version=&#8220;4.16&#8243; _module_preset=&#8220;699a1a14-aa99-453a-ab2e-46d49b6bbd5e&#8220; custom_padding=&#8220;0px||50px||false|false&#8220; custom_padding_tablet=&#8220;0px||30px||false|false&#8220; global_colors_info=&#8220;{}&#8220;][et_pb_column type=&#8220;4_4&#8243; _builder_version=&#8220;4.16&#8243; global_colors_info=&#8220;{}&#8220;][et_pb_text content_tablet=&#8220;<h3 class=%22title%22 data-reader-unique-id=%22titleElement%22>Traumfinca mit 360\u00b0 Panoramablick<\/h3>\n<h3><\/h3>&#8220; content_phone=&#8220;<h1 class=%22title%22 data-reader-unique-id=%22titleElement%22>Traumfinca mit 360\u00b0 Panoramablick<\/h1>\n<h6><\/h6>&#8220; content_last_edited=&#8220;on|phone&#8220; _builder_version=&#8220;4.21.0&#8243; _module_preset=&#8220;default&#8220; hover_enabled=&#8220;0&#8243; global_colors_info=&#8220;{}&#8220; sticky_enabled=&#8220;0&#8243;]<h3 class=\"title\" data-reader-unique-id=\"titleElement\">Traumfinca mit 360\u00b0 Panoramablick<\/h3>\n<h3><\/h3>[\/et_pb_text][et_pb_text content_tablet=&#8220;<p data-reader-unique-id=%222%22>Dieses aussergew\u00f6hnliche Landhaus liegt bei Son Serra de Marina, an der Nordk\u00fcste an Traumlage mit einer unglaublichen Panoramasicht aufs Meer und auf die Berge. Absolute Privacy ist gew\u00e4hrleistet.<\/p>\n<p data-reader-unique-id=%223%22>Das Haupthaus verf\u00fcgt \u00fcber 7 Schlafzimmer, 7 Badezimmer, G\u00e4stetoilette, eine gr\u00f6sse K\u00fcche mit Bar, 3 Wohnr\u00e4ume, B\u00fcro und eine ausgebaute Bodega. Diese elegante Villa wurde im 2005 gebaut, mit den besten Materialien und einer modernen Energie-Technologie. Das Haupthause wurde im 2022 renoviert und ist in einem Neuzustand.<\/p>&#8220; content_phone=&#8220;<p data-reader-unique-id=%222%22>Dieses aussergew\u00f6hnliche Landhaus liegt bei Son Serra de Marina, an der Nordk\u00fcste an Traumlage mit einer unglaublichen Panoramasicht aufs Meer und auf die Berge. Absolute Privacy ist gew\u00e4hrleistet.<\/p>\n<p data-reader-unique-id=%223%22>Das Haupthaus verf\u00fcgt \u00fcber 7 Schlafzimmer, 7 Badezimmer, G\u00e4stetoilette, eine gr\u00f6sse K\u00fcche mit Bar, 3 Wohnr\u00e4ume, B\u00fcro und eine ausgebaute Bodega. Diese elegante Villa wurde im 2005 gebaut, mit den besten Materialien und einer modernen Energie-Technologie. Das Haupthause wurde im 2022 renoviert und ist in einem Neuzustand.<\/p>&#8220; content_last_edited=&#8220;on|phone&#8220; _builder_version=&#8220;4.21.0&#8243; _module_preset=&#8220;default&#8220; global_colors_info=&#8220;{}&#8220;]<p data-reader-unique-id=\"2\">Dieses aussergew\u00f6hnliche Landhaus liegt bei Son Serra de Marina, an der Nordk\u00fcste an Traumlage mit einer unglaublichen Panoramasicht aufs Meer und auf die Berge. Absolute Privacy ist gew\u00e4hrleistet.<\/p>\n<p data-reader-unique-id=\"3\">Das Haupthaus verf\u00fcgt \u00fcber 7 Schlafzimmer, 7 Badezimmer, G\u00e4stetoilette, eine gr\u00f6sse K\u00fcche mit Bar, 3 Wohnr\u00e4ume, B\u00fcro und eine ausgebaute Bodega. Diese elegante Villa wurde im 2005 gebaut, mit den besten Materialien und einer modernen Energie-Technologie. Das Haupthause wurde im 2022 renoviert und ist in einem Neuzustand.<\/p>[\/et_pb_text][et_pb_text content_tablet=&#8220;<h6>Euro: 4&#8217;600&#8217;000<\/h6>&#8220; content_phone=&#8220;<h6>Euro: 4&#8217;600&#8217;000<\/h6>&#8220; content_last_edited=&#8220;on|phone&#8220; _builder_version=&#8220;4.21.0&#8243; _module_preset=&#8220;default&#8220; min_height=&#8220;21px&#8220; custom_padding=&#8220;16px||0px||false|false&#8220; global_colors_info=&#8220;{}&#8220;]<h6>Euro: 4&#8217;600&#8217;000<\/h6>[\/et_pb_text][et_pb_image src=&#8220;https:\/\/www.living-mallorca.com\/wp-content\/uploads\/2025\/03\/SonSerradeMarinamitIcon-scaled.jpg&#8220; title_text=&#8220;2 &#8211; 4&#8243; src_tablet=&#8220;https:\/\/www.living-mallorca.com\/wp-content\/uploads\/2025\/03\/SonSerradeMarinamitIcon-scaled.jpg&#8220; src_phone=&#8220;https:\/\/www.living-mallorca.com\/wp-content\/uploads\/2025\/03\/SonSerradeMarinamitIcon-scaled.jpg&#8220; src_last_edited=&#8220;on|phone&#8220; _builder_version=&#8220;4.21.0&#8243; _module_preset=&#8220;default&#8220; global_colors_info=&#8220;{}&#8220;][\/et_pb_image][et_pb_text content_tablet=&#8220;<p>Rund 100 m vom Haupthaus befindet sich ein komplett eingerichtetes G\u00e4stehaus mit 90 m2 Wohnfl\u00e4che und eigener Zufahrt.<\/p>\n<p> <\/p>&#8220; content_phone=&#8220;<p>Rund 100 m vom Haupthaus befindet sich ein komplett eingerichtetes G\u00e4stehaus mit 90 m2 Wohnfl\u00e4che und eigener Zufahrt.<\/p>&#8220; content_last_edited=&#8220;on|phone&#8220; _builder_version=&#8220;4.21.0&#8243; _module_preset=&#8220;default&#8220; global_colors_info=&#8220;{}&#8220;]<p>Rund 100 m vom Haupthaus befindet sich ein komplett eingerichtetes G\u00e4stehaus mit 90 m2 Wohnfl\u00e4che und eigener Zufahrt.<\/p>\n<p>&nbsp;<\/p>[\/et_pb_text][\/et_pb_column][\/et_pb_row][et_pb_row _builder_version=&#8220;4.21.0&#8243; _module_preset=&#8220;default&#8220; min_height=&#8220;157px&#8220; custom_margin=&#8220;-36px|auto|0px|auto|false|false&#8220; custom_padding=&#8220;37px||50px||false|false&#8220; global_colors_info=&#8220;{}&#8220;][et_pb_column type=&#8220;4_4&#8243; _builder_version=&#8220;4.21.0&#8243; _module_preset=&#8220;default&#8220; global_colors_info=&#8220;{}&#8220;][et_pb_button button_url=&#8220;https:\/\/www.living-mallorca.com\/kontakt\/&#8220; button_text=&#8220;Besichtigungstermin vereinbaren&#8220; button_text_tablet=&#8220;Besichtigungstermin vereinbaren&#8220; button_text_phone=&#8220;Besichtigungstermin vereinbaren&#8220; button_text_last_edited=&#8220;on|desktop&#8220; _builder_version=&#8220;4.21.0&#8243; _module_preset=&#8220;default&#8220; button_text_color=&#8220;#FFFFFF&#8220; button_bg_color=&#8220;#C38F59&#8243; button_border_radius=&#8220;37px&#8220; custom_margin_tablet=&#8220;0px||||false|false&#8220; custom_margin_phone=&#8220;-45px||||false|false&#8220; hover_enabled=&#8220;0&#8243; button_text_color_tablet=&#8220;#FFFFFF&#8220; button_text_color_phone=&#8220;#FFFFFF&#8220; button_text_color_last_edited=&#8220;on|desktop&#8220; button_border_radius_tablet=&#8220;37px&#8220; button_border_radius_phone=&#8220;37px&#8220; button_border_radius_last_edited=&#8220;on|phone&#8220; global_colors_info=&#8220;{}&#8220; custom_margin=&#8220;0px||||false|false&#8220; sticky_enabled=&#8220;0&#8243;][\/et_pb_button][\/et_pb_column][\/et_pb_row][et_pb_row _builder_version=&#8220;4.21.0&#8243; _module_preset=&#8220;default&#8220; global_colors_info=&#8220;{}&#8220;][et_pb_column type=&#8220;4_4&#8243; _builder_version=&#8220;4.21.0&#8243; _module_preset=&#8220;default&#8220; global_colors_info=&#8220;{}&#8220;][et_pb_slider _builder_version=&#8220;4.21.0&#8243; _module_preset=&#8220;default&#8220; background_image=&#8220;https:\/\/www.living-mallorca.com\/wp-content\/uploads\/2025\/03\/2.jpg&#8220; hover_enabled=&#8220;0&#8243; background_last_edited=&#8220;on|tablet&#8220; global_colors_info=&#8220;{}&#8220; sticky_enabled=&#8220;0&#8243;][et_pb_slide heading=&#8220;Finca bei Son Serra de Marina&#8220; heading_tablet=&#8220;Finca bei Son Serra de Marina&#8220; heading_phone=&#8220;Finca bei Son Serra de Marina&#8220; heading_last_edited=&#8220;on|phone&#8220; button_text_tablet=&#8220;&#8220; button_text_phone=&#8220; &#8220; button_text_last_edited=&#8220;on|phone&#8220; content_tablet=&#8220;&#8220; content_phone=&#8220;&#8220; content_last_edited=&#8220;on|phone&#8220; _builder_version=&#8220;4.21.0&#8243; _module_preset=&#8220;default&#8220; background_image=&#8220;https:\/\/www.living-mallorca.com\/wp-content\/uploads\/2025\/03\/DJI_0801d.jpeg&#8220; background_enable_image=&#8220;on&#8220; hover_enabled=&#8220;0&#8243; background_last_edited=&#8220;on|phone&#8220; global_colors_info=&#8220;{}&#8220; sticky_transition=&#8220;on&#8220; sticky_enabled=&#8220;0&#8243;][\/et_pb_slide][et_pb_slide heading_tablet=&#8220;&#8220; heading_phone=&#8220;&#8220; heading_last_edited=&#8220;on|phone&#8220; button_text_tablet=&#8220;&#8220; button_text_phone=&#8220;&#8220; button_text_last_edited=&#8220;on|desktop&#8220; _builder_version=&#8220;4.21.0&#8243; _module_preset=&#8220;default&#8220; background_image=&#8220;https:\/\/www.living-mallorca.com\/wp-content\/uploads\/2025\/03\/105185_1440_800.jpeg&#8220; background_enable_image=&#8220;on&#8220; background_last_edited=&#8220;on|phone&#8220; global_colors_info=&#8220;{}&#8220; sticky_transition=&#8220;on&#8220;][\/et_pb_slide][et_pb_slide _builder_version=&#8220;4.21.0&#8243; _module_preset=&#8220;default&#8220; background_image=&#8220;https:\/\/www.living-mallorca.com\/wp-content\/uploads\/2025\/03\/20180719_183120c.jpeg&#8220; background_enable_image=&#8220;on&#8220; background_last_edited=&#8220;on|phone&#8220; global_colors_info=&#8220;{}&#8220; sticky_transition=&#8220;on&#8220;][\/et_pb_slide][et_pb_slide content_tablet=&#8220;&#8220; content_phone=&#8220;&#8220; content_last_edited=&#8220;on|desktop&#8220; _builder_version=&#8220;4.21.0&#8243; _module_preset=&#8220;default&#8220; background_image=&#8220;https:\/\/www.living-mallorca.com\/wp-content\/uploads\/2025\/03\/20180719_184656c.jpeg&#8220; background_enable_image=&#8220;on&#8220; background_last_edited=&#8220;on|phone&#8220; global_colors_info=&#8220;{}&#8220; sticky_transition=&#8220;on&#8220;][\/et_pb_slide][et_pb_slide button_text_tablet=&#8220;&#8220; button_text_phone=&#8220;&#8220; button_text_last_edited=&#8220;on|desktop&#8220; _builder_version=&#8220;4.21.0&#8243; _module_preset=&#8220;default&#8220; background_image=&#8220;https:\/\/www.living-mallorca.com\/wp-content\/uploads\/2025\/03\/20190216_164809c.jpeg&#8220; background_enable_image=&#8220;on&#8220; background_last_edited=&#8220;on|phone&#8220; global_colors_info=&#8220;{}&#8220; sticky_transition=&#8220;on&#8220;][\/et_pb_slide][\/et_pb_slider][\/et_pb_column][\/et_pb_row][et_pb_row _builder_version=&#8220;4.21.0&#8243; _module_preset=&#8220;default&#8220; custom_padding=&#8220;0px||50px||false|false&#8220; global_colors_info=&#8220;{}&#8220;][et_pb_column type=&#8220;4_4&#8243; _builder_version=&#8220;4.21.0&#8243; _module_preset=&#8220;default&#8220; global_colors_info=&#8220;{}&#8220;][et_pb_text content_tablet=&#8220;<p data-reader-unique-id=%225%22>Alle R\u00e4ume sind grossz\u00fcgig und hell gestaltet und wurden in hervorragender Bauqualit\u00e4t unter Verwendung hochwertiger Materialien erstellt. Effizientes Energiemanagement (Fussbodenheizung) warm und kalt. Energiezertifikat A\/B<\/p>\n<p data-reader-unique-id=%226%22>Fantastischer mediterraner Garten mit automatischer Bew\u00e4sserung und ein Salzwasser-Pool machen dieses Anwesen zu einem Traum.<\/p>\n<p>Offene K\u00fcche mit Bar und Esszimmerbereich<br \/>Grosser Salon mit Kamin<br \/>2 weitere Wohnbereiche<br \/>7 Schlafzimmer<br \/>7 Badezimmer<br \/>G\u00e4ste-Toilette<br \/>Rund ums Haus viele Terrassen<br \/>Bodega<br \/>BBQ-Bereich mit Casita und Aussenbar<br \/>Pool 5 x 10 m<br \/>Doppelgarage<br \/>Carport f\u00fcr 4 Autos und weitere 8 Parkpl\u00e4tze<br \/>Zus\u00e4tzliches G\u00e4stehaus 90 m2<br \/>Grundst\u00fcck 150\u2019000 m2<br \/>Wohnfl\u00e4che 900 m2<\/p>&#8220; content_phone=&#8220;<p data-reader-unique-id=%225%22>Alle R\u00e4ume sind grossz\u00fcgig und hell gestaltet und wurden in hervorragender Bauqualit\u00e4t unter Verwendung hochwertiger Materialien erstellt. Effizientes Energiemanagement (Fussbodenheizung) warm und kalt. Energiezertifikat A\/B<\/p>\n<p data-reader-unique-id=%226%22>Fantastischer mediterraner Garten mit automatischer Bew\u00e4sserung und ein Salzwasser-Pool machen dieses Anwesen zu einem Traum.<\/p>\n<p>Offene K\u00fcche mit Bar und Esszimmerbereich<br \/>Grosser Salon mit Kamin<br \/>2 weitere Wohnbereiche<br \/>7 Schlafzimmer<br \/>7 Badezimmer<br \/>G\u00e4ste-Toilette<br \/>Rund ums Haus viele Terrassen<br \/>Bodega<br \/>BBQ-Bereich mit Casita und Aussenbar<br \/>Pool 5 x 10 m<br \/>Doppelgarage<br \/>Carport f\u00fcr 4 Autos und weitere 8 Parkpl\u00e4tze<br \/>Zus\u00e4tzliches G\u00e4stehaus 90 m2<br \/>Grundst\u00fcck 150\u2019000 m2<br \/>Wohnfl\u00e4che 900 m2<\/p>&#8220; content_last_edited=&#8220;on|phone&#8220; _builder_version=&#8220;4.21.0&#8243; _module_preset=&#8220;default&#8220; global_colors_info=&#8220;{}&#8220;]<p data-reader-unique-id=\"5\">Alle R\u00e4ume sind grossz\u00fcgig und hell gestaltet und wurden in hervorragender Bauqualit\u00e4t unter Verwendung hochwertiger Materialien erstellt. Effizientes Energiemanagement (Fussbodenheizung) warm und kalt. Energiezertifikat A\/B<\/p>\n<p data-reader-unique-id=\"6\">Fantastischer mediterraner Garten mit automatischer Bew\u00e4sserung und ein Salzwasser-Pool machen dieses Anwesen zu einem Traum.<\/p>\n<p>Offene K\u00fcche mit Bar und Esszimmerbereich<br \/>Grosser Salon mit Kamin<br \/>2 weitere Wohnbereiche<br \/>7 Schlafzimmer<br \/>7 Badezimmer<br \/>G\u00e4ste-Toilette<br \/>Rund ums Haus viele Terrassen<br \/>Bodega<br \/>BBQ-Bereich mit Casita und Aussenbar<br \/>Pool 5 x 10 m<br \/>Doppelgarage<br \/>Carport f\u00fcr 4 Autos und weitere 8 Parkpl\u00e4tze<br \/>Zus\u00e4tzliches G\u00e4stehaus 90 m2<br \/>Grundst\u00fcck 150\u2019000 m2<br \/>Wohnfl\u00e4che 900 m2<\/p>[\/et_pb_text][\/et_pb_column][\/et_pb_row][et_pb_row column_structure=&#8220;1_3,1_3,1_3&#8243; _builder_version=&#8220;4.21.0&#8243; _module_preset=&#8220;default&#8220; global_colors_info=&#8220;{}&#8220;][et_pb_column type=&#8220;1_3&#8243; _builder_version=&#8220;4.21.0&#8243; _module_preset=&#8220;default&#8220; global_colors_info=&#8220;{}&#8220;][et_pb_image src=&#8220;https:\/\/www.living-mallorca.com\/wp-content\/uploads\/2025\/03\/IMG_5512-scaled.jpg&#8220; title_text=&#8220;IMG_5512&#8243; src_tablet=&#8220;https:\/\/www.living-mallorca.com\/wp-content\/uploads\/2025\/03\/IMG_5512-scaled.jpg&#8220; src_phone=&#8220;https:\/\/www.living-mallorca.com\/wp-content\/uploads\/2025\/03\/IMG_5512-scaled.jpg&#8220; src_last_edited=&#8220;on|phone&#8220; _builder_version=&#8220;4.21.0&#8243; _module_preset=&#8220;default&#8220; global_colors_info=&#8220;{}&#8220;][\/et_pb_image][\/et_pb_column][et_pb_column type=&#8220;1_3&#8243; _builder_version=&#8220;4.21.0&#8243; _module_preset=&#8220;default&#8220; global_colors_info=&#8220;{}&#8220;][et_pb_image src=&#8220;https:\/\/www.living-mallorca.com\/wp-content\/uploads\/2025\/03\/IMG_5511-scaled.jpg&#8220; title_text=&#8220;IMG_5511&#8243; src_tablet=&#8220;https:\/\/www.living-mallorca.com\/wp-content\/uploads\/2025\/03\/IMG_5511-scaled.jpg&#8220; src_phone=&#8220;https:\/\/www.living-mallorca.com\/wp-content\/uploads\/2025\/03\/IMG_5511-scaled.jpg&#8220; src_last_edited=&#8220;on|phone&#8220; _builder_version=&#8220;4.21.0&#8243; _module_preset=&#8220;default&#8220; global_colors_info=&#8220;{}&#8220;][\/et_pb_image][\/et_pb_column][et_pb_column type=&#8220;1_3&#8243; _builder_version=&#8220;4.21.0&#8243; _module_preset=&#8220;default&#8220; global_colors_info=&#8220;{}&#8220;][et_pb_image src=&#8220;https:\/\/www.living-mallorca.com\/wp-content\/uploads\/2025\/03\/IMG_5515-scaled.jpg&#8220; title_text=&#8220;IMG_5515&#8243; src_tablet=&#8220;https:\/\/www.living-mallorca.com\/wp-content\/uploads\/2025\/03\/IMG_5515-scaled.jpg&#8220; src_phone=&#8220;https:\/\/www.living-mallorca.com\/wp-content\/uploads\/2025\/03\/IMG_5515-scaled.jpg&#8220; src_last_edited=&#8220;on|phone&#8220; _builder_version=&#8220;4.21.0&#8243; _module_preset=&#8220;default&#8220; global_colors_info=&#8220;{}&#8220;][\/et_pb_image][\/et_pb_column][\/et_pb_row][et_pb_row column_structure=&#8220;1_3,1_3,1_3&#8243; _builder_version=&#8220;4.21.0&#8243; _module_preset=&#8220;default&#8220; custom_margin_tablet=&#8220;-25px||0px||false|false&#8220; custom_margin_phone=&#8220;-25px||||false|false&#8220; global_colors_info=&#8220;{}&#8220;][et_pb_column type=&#8220;1_3&#8243; _builder_version=&#8220;4.21.0&#8243; _module_preset=&#8220;default&#8220; global_colors_info=&#8220;{}&#8220;][et_pb_image src=&#8220;https:\/\/www.living-mallorca.com\/wp-content\/uploads\/2025\/03\/IMG_5546-scaled.jpg&#8220; title_text=&#8220;IMG_5546&#8243; src_tablet=&#8220;https:\/\/www.living-mallorca.com\/wp-content\/uploads\/2025\/03\/IMG_5546-scaled.jpg&#8220; src_phone=&#8220;https:\/\/www.living-mallorca.com\/wp-content\/uploads\/2025\/03\/IMG_5546-scaled.jpg&#8220; src_last_edited=&#8220;on|phone&#8220; _builder_version=&#8220;4.21.0&#8243; _module_preset=&#8220;default&#8220; global_colors_info=&#8220;{}&#8220;][\/et_pb_image][\/et_pb_column][et_pb_column type=&#8220;1_3&#8243; _builder_version=&#8220;4.21.0&#8243; _module_preset=&#8220;default&#8220; global_colors_info=&#8220;{}&#8220;][et_pb_button button_url=&#8220;https:\/\/www.living-mallorca.com\/kontakt&#8220; button_text=&#8220;Besichtigungstermin vereinbaren&#8220; button_text_tablet=&#8220;Besichtigungstermin vereinbaren&#8220; button_text_phone=&#8220;Besichtigungstermin vereinbaren&#8220; button_text_last_edited=&#8220;on|desktop&#8220; _builder_version=&#8220;4.21.0&#8243; _module_preset=&#8220;default&#8220; button_text_color=&#8220;#FFFFFF&#8220; button_bg_color=&#8220;#C38F59&#8243; button_border_radius=&#8220;37px&#8220; button_text_color_tablet=&#8220;#FFFFFF&#8220; button_text_color_phone=&#8220;#FFFFFF&#8220; button_text_color_last_edited=&#8220;on|desktop&#8220; button_border_radius_tablet=&#8220;37px&#8220; button_border_radius_phone=&#8220;37px&#8220; button_border_radius_last_edited=&#8220;on|phone&#8220; global_colors_info=&#8220;{}&#8220;][\/et_pb_button][\/et_pb_column][et_pb_column type=&#8220;1_3&#8243; _builder_version=&#8220;4.21.0&#8243; _module_preset=&#8220;default&#8220; global_colors_info=&#8220;{}&#8220;][et_pb_image src=&#8220;https:\/\/www.living-mallorca.com\/wp-content\/uploads\/2025\/03\/IMG_5544-scaled.jpg&#8220; title_text=&#8220;IMG_5544&#8243; src_tablet=&#8220;https:\/\/www.living-mallorca.com\/wp-content\/uploads\/2025\/03\/IMG_5544-scaled.jpg&#8220; src_phone=&#8220;https:\/\/www.living-mallorca.com\/wp-content\/uploads\/2025\/03\/IMG_5544-scaled.jpg&#8220; src_last_edited=&#8220;on|phone&#8220; _builder_version=&#8220;4.21.0&#8243; _module_preset=&#8220;default&#8220; global_colors_info=&#8220;{}&#8220;][\/et_pb_image][\/et_pb_column][\/et_pb_row][\/et_pb_section]\n","protected":false},"excerpt":{"rendered":"<p>Traumfinca mit 360\u00b0 Panoramablick Dieses aussergew\u00f6hnliche Landhaus liegt bei Son Serra de Marina, an der Nordk\u00fcste an Traumlage mit einer unglaublichen Panoramasicht aufs Meer und auf die Berge. Absolute Privacy ist gew\u00e4hrleistet. Das Haupthaus verf\u00fcgt \u00fcber 7 Schlafzimmer, 7 Badezimmer, G\u00e4stetoilette, eine gr\u00f6sse K\u00fcche mit Bar, 3 Wohnr\u00e4ume, B\u00fcro und eine ausgebaute Bodega. Diese elegante [&hellip;]<\/p>\n","protected":false},"author":1,"featured_media":0,"parent":0,"menu_order":0,"comment_status":"closed","ping_status":"closed","template":"","meta":{"_et_pb_use_builder":"on","_et_pb_old_content":"","_et_gb_content_width":"","footnotes":""},"class_list":["post-2720","page","type-page","status-publish","hentry"],"yoast_head":"<!-- This site is optimized with the Yoast SEO plugin v27.5 - https:\/\/yoast.com\/product\/yoast-seo-wordpress\/ -->\n<title>Finca bei Son Serra de Marina - Mallorca Living &amp; More<\/title>\n<meta name=\"description\" content=\"Charmante Naturstein-Finca in Son Servera: gro\u00dfz\u00fcgig, stilvoll und ideal f\u00fcr entspannte Stunden im mediterranen Ambiente.\" \/>\n<meta name=\"robots\" content=\"index, follow, max-snippet:-1, max-image-preview:large, max-video-preview:-1\" \/>\n<link rel=\"canonical\" href=\"https:\/\/www.living-mallorca.com\/es\/finca-bei-son-serra-de-marina\/\" \/>\n<meta property=\"og:locale\" content=\"es_ES\" \/>\n<meta property=\"og:type\" content=\"article\" \/>\n<meta property=\"og:title\" content=\"Finca bei Son Serra de Marina - Mallorca Living &amp; More\" \/>\n<meta property=\"og:description\" content=\"Charmante Naturstein-Finca in Son Servera: gro\u00dfz\u00fcgig, stilvoll und ideal f\u00fcr entspannte Stunden im mediterranen Ambiente.\" \/>\n<meta property=\"og:url\" content=\"https:\/\/www.living-mallorca.com\/es\/finca-bei-son-serra-de-marina\/\" \/>\n<meta property=\"og:site_name\" content=\"Mallorca Living &amp; More\" \/>\n<meta property=\"article:modified_time\" content=\"2025-11-07T11:10:37+00:00\" \/>\n<meta name=\"twitter:card\" content=\"summary_large_image\" \/>\n<meta name=\"twitter:label1\" content=\"Tiempo de lectura\" \/>\n\t<meta name=\"twitter:data1\" content=\"3 minutos\" \/>\n<script type=\"application\/ld+json\" class=\"yoast-schema-graph\">{\"@context\":\"https:\\\/\\\/schema.org\",\"@graph\":[{\"@type\":\"WebPage\",\"@id\":\"https:\\\/\\\/www.living-mallorca.com\\\/finca-bei-son-serra-de-marina\\\/\",\"url\":\"https:\\\/\\\/www.living-mallorca.com\\\/finca-bei-son-serra-de-marina\\\/\",\"name\":\"Finca bei Son Serra de Marina - Mallorca Living &amp; More\",\"isPartOf\":{\"@id\":\"https:\\\/\\\/www.living-mallorca.com\\\/#website\"},\"datePublished\":\"2025-03-30T07:31:04+00:00\",\"dateModified\":\"2025-11-07T11:10:37+00:00\",\"description\":\"Charmante Naturstein-Finca in Son Servera: gro\u00dfz\u00fcgig, stilvoll und ideal f\u00fcr entspannte Stunden im mediterranen Ambiente.\",\"breadcrumb\":{\"@id\":\"https:\\\/\\\/www.living-mallorca.com\\\/finca-bei-son-serra-de-marina\\\/#breadcrumb\"},\"inLanguage\":\"es\",\"potentialAction\":[{\"@type\":\"ReadAction\",\"target\":[\"https:\\\/\\\/www.living-mallorca.com\\\/finca-bei-son-serra-de-marina\\\/\"]}]},{\"@type\":\"BreadcrumbList\",\"@id\":\"https:\\\/\\\/www.living-mallorca.com\\\/finca-bei-son-serra-de-marina\\\/#breadcrumb\",\"itemListElement\":[{\"@type\":\"ListItem\",\"position\":1,\"name\":\"Startseite\",\"item\":\"https:\\\/\\\/www.living-mallorca.com\\\/\"},{\"@type\":\"ListItem\",\"position\":2,\"name\":\"Finca bei Son Serra de Marina\"}]},{\"@type\":\"WebSite\",\"@id\":\"https:\\\/\\\/www.living-mallorca.com\\\/#website\",\"url\":\"https:\\\/\\\/www.living-mallorca.com\\\/\",\"name\":\"Mallorca Living &amp; More\",\"description\":\"Immobilien, Living, Kultur &amp; Kunst\",\"potentialAction\":[{\"@type\":\"SearchAction\",\"target\":{\"@type\":\"EntryPoint\",\"urlTemplate\":\"https:\\\/\\\/www.living-mallorca.com\\\/?s={search_term_string}\"},\"query-input\":{\"@type\":\"PropertyValueSpecification\",\"valueRequired\":true,\"valueName\":\"search_term_string\"}}],\"inLanguage\":\"es\"}]}<\/script>\n<!-- \/ Yoast SEO plugin. -->","yoast_head_json":{"title":"Finca bei Son Serra de Marina - Mallorca Living &amp; More","description":"Charmante Naturstein-Finca in Son Servera: gro\u00dfz\u00fcgig, stilvoll und ideal f\u00fcr entspannte Stunden im mediterranen Ambiente.","robots":{"index":"index","follow":"follow","max-snippet":"max-snippet:-1","max-image-preview":"max-image-preview:large","max-video-preview":"max-video-preview:-1"},"canonical":"https:\/\/www.living-mallorca.com\/es\/finca-bei-son-serra-de-marina\/","og_locale":"es_ES","og_type":"article","og_title":"Finca bei Son Serra de Marina - Mallorca Living &amp; More","og_description":"Charmante Naturstein-Finca in Son Servera: gro\u00dfz\u00fcgig, stilvoll und ideal f\u00fcr entspannte Stunden im mediterranen Ambiente.","og_url":"https:\/\/www.living-mallorca.com\/es\/finca-bei-son-serra-de-marina\/","og_site_name":"Mallorca Living &amp; More","article_modified_time":"2025-11-07T11:10:37+00:00","twitter_card":"summary_large_image","twitter_misc":{"Tiempo de lectura":"3 minutos"},"schema":{"@context":"https:\/\/schema.org","@graph":[{"@type":"WebPage","@id":"https:\/\/www.living-mallorca.com\/finca-bei-son-serra-de-marina\/","url":"https:\/\/www.living-mallorca.com\/finca-bei-son-serra-de-marina\/","name":"Finca bei Son Serra de Marina - Mallorca Living &amp; More","isPartOf":{"@id":"https:\/\/www.living-mallorca.com\/#website"},"datePublished":"2025-03-30T07:31:04+00:00","dateModified":"2025-11-07T11:10:37+00:00","description":"Charmante Naturstein-Finca in Son Servera: gro\u00dfz\u00fcgig, stilvoll und ideal f\u00fcr entspannte Stunden im mediterranen Ambiente.","breadcrumb":{"@id":"https:\/\/www.living-mallorca.com\/finca-bei-son-serra-de-marina\/#breadcrumb"},"inLanguage":"es","potentialAction":[{"@type":"ReadAction","target":["https:\/\/www.living-mallorca.com\/finca-bei-son-serra-de-marina\/"]}]},{"@type":"BreadcrumbList","@id":"https:\/\/www.living-mallorca.com\/finca-bei-son-serra-de-marina\/#breadcrumb","itemListElement":[{"@type":"ListItem","position":1,"name":"Startseite","item":"https:\/\/www.living-mallorca.com\/"},{"@type":"ListItem","position":2,"name":"Finca bei Son Serra de Marina"}]},{"@type":"WebSite","@id":"https:\/\/www.living-mallorca.com\/#website","url":"https:\/\/www.living-mallorca.com\/","name":"Mallorca Living &amp; More","description":"Propiedad, Vida, Cultura y Arte","potentialAction":[{"@type":"SearchAction","target":{"@type":"EntryPoint","urlTemplate":"https:\/\/www.living-mallorca.com\/?s={search_term_string}"},"query-input":{"@type":"PropertyValueSpecification","valueRequired":true,"valueName":"search_term_string"}}],"inLanguage":"es"}]}},"_links":{"self":[{"href":"https:\/\/www.living-mallorca.com\/es\/wp-json\/wp\/v2\/pages\/2720","targetHints":{"allow":["GET"]}}],"collection":[{"href":"https:\/\/www.living-mallorca.com\/es\/wp-json\/wp\/v2\/pages"}],"about":[{"href":"https:\/\/www.living-mallorca.com\/es\/wp-json\/wp\/v2\/types\/page"}],"author":[{"embeddable":true,"href":"https:\/\/www.living-mallorca.com\/es\/wp-json\/wp\/v2\/users\/1"}],"replies":[{"embeddable":true,"href":"https:\/\/www.living-mallorca.com\/es\/wp-json\/wp\/v2\/comments?post=2720"}],"version-history":[{"count":1,"href":"https:\/\/www.living-mallorca.com\/es\/wp-json\/wp\/v2\/pages\/2720\/revisions"}],"predecessor-version":[{"id":4529,"href":"https:\/\/www.living-mallorca.com\/es\/wp-json\/wp\/v2\/pages\/2720\/revisions\/4529"}],"wp:attachment":[{"href":"https:\/\/www.living-mallorca.com\/es\/wp-json\/wp\/v2\/media?parent=2720"}],"curies":[{"name":"wp","href":"https:\/\/api.w.org\/{rel}","templated":true}]}}